{"id":306,"date":"2025-04-04T09:36:08","date_gmt":"2025-04-04T12:36:08","guid":{"rendered":"https:\/\/cajamar.sp.gov.br\/desenvolvimento-social\/?page_id=306"},"modified":"2026-04-08T11:51:21","modified_gmt":"2026-04-08T14:51:21","slug":"conferencias-cmas","status":"publish","type":"page","link":"https:\/\/cajamar.sp.gov.br\/desenvolvimento-social\/cmas\/conferencias-cmas\/","title":{"rendered":"Confer\u00eancias CMAS"},"content":{"rendered":"\n<div class=\"wp-block-group\"><div class=\"wp-block-group__inner-container is-layout-constrained wp-block-group-is-layout-constrained\">\n<h2 class=\"wp-block-heading\"><strong>14\u00aa Confer\u00eancia Municipal de Assist\u00eancia Social<\/strong> &#8211; <a href=\"https:\/\/cajamar.sp.gov.br\/noticias\/2025\/07\/02\/14-conferencia-municipal-de-assistencia-social\/\" data-type=\"link\" data-id=\"https:\/\/cajamar.sp.gov.br\/noticias\/2025\/07\/02\/14-conferencia-municipal-de-assistencia-social\/\" target=\"_blank\" rel=\"noreferrer noopener\">2025<\/a><\/h2>\n\n\n\n<details class=\"wp-block-details is-layout-flow wp-block-details-is-layout-flow\"><summary>Relat\u00f3rio Final da Confer\u00eancia de 2025<\/summary>\n<div data-wp-interactive=\"core\/file\" class=\"wp-block-file\"><object data-wp-bind--hidden=\"!state.hasPdfPreview\" hidden class=\"wp-block-file__embed\" data=\"https:\/\/cajamar.sp.gov.br\/desenvolvimento-social\/wp-content\/uploads\/sites\/12\/2025\/10\/relatorio-final-14a-conf-mun-de-assistencia-social-ultima-versao.pdf\" type=\"application\/pdf\" style=\"width:100%;height:600px\" aria-label=\"Incorporado de Relat\u00f3rio Final  14\u00aa Conf. Mun. de Assist\u00eancia Social - \u00daLTIMA VERS\u00c3O.\"><\/object><a id=\"wp-block-file--media-2042e21f-511b-47b3-99e7-9fd5cfee1b87\" href=\"https:\/\/cajamar.sp.gov.br\/desenvolvimento-social\/wp-content\/uploads\/sites\/12\/2025\/10\/relatorio-final-14a-conf-mun-de-assistencia-social-ultima-versao.pdf\">Relat\u00f3rio Final  14\u00aa Conf. Mun. de Assist\u00eancia Social &#8211; \u00daLTIMA VERS\u00c3O<\/a><a href=\"https:\/\/cajamar.sp.gov.br\/desenvolvimento-social\/wp-content\/uploads\/sites\/12\/2025\/10\/relatorio-final-14a-conf-mun-de-assistencia-social-ultima-versao.pdf\" class=\"wp-block-file__button wp-element-button\" download aria-describedby=\"wp-block-file--media-2042e21f-511b-47b3-99e7-9fd5cfee1b87\">Baixar<\/a><\/div>\n<\/details>\n<\/div><\/div>\n\n\n\n<hr class=\"wp-block-separator has-alpha-channel-opacity\" \/>\n\n\n\n<div class=\"wp-block-group\"><div class=\"wp-block-group__inner-container is-layout-constrained wp-block-group-is-layout-constrained\">\n<h2 class=\"wp-block-heading\"><strong>13\u00aa Confer\u00eancia Municipal de Assist\u00eancia Social<\/strong> &#8211; <a href=\"https:\/\/cajamar.sp.gov.br\/noticias\/2023\/07\/10\/prefeitura-de-cajamar-promove-a-13a-conferencia-de-assistencia-social\/\" data-type=\"link\" data-id=\"https:\/\/cajamar.sp.gov.br\/noticias\/2025\/07\/02\/14-conferencia-municipal-de-assistencia-social\/\" target=\"_blank\" rel=\"noreferrer noopener\">2023<\/a><\/h2>\n\n\n\n<details class=\"wp-block-details is-layout-flow wp-block-details-is-layout-flow\"><summary>Relat\u00f3rio Final da Confer\u00eancia de 2023<\/summary>\n<div data-wp-interactive=\"core\/file\" class=\"wp-block-file\"><object data-wp-bind--hidden=\"!state.hasPdfPreview\" hidden class=\"wp-block-file__embed\" data=\"https:\/\/cajamar.sp.gov.br\/desenvolvimento-social\/wp-content\/uploads\/sites\/12\/2025\/10\/relatorio-final-13a-conf-mun-de-assistencia-social.pdf\" type=\"application\/pdf\" style=\"width:100%;height:600px\" aria-label=\"Incorporado de Relat\u00f3rio Final 13\u00aa Conf. Mun. de Assist\u00eancia Social.\"><\/object><a id=\"wp-block-file--media-c150d2ac-a40f-4bbe-b1d3-4ad68e812aa1\" href=\"https:\/\/cajamar.sp.gov.br\/desenvolvimento-social\/wp-content\/uploads\/sites\/12\/2025\/10\/relatorio-final-13a-conf-mun-de-assistencia-social.pdf\">Relat\u00f3rio Final 13\u00aa Conf. Mun. de Assist\u00eancia Social<\/a><a href=\"https:\/\/cajamar.sp.gov.br\/desenvolvimento-social\/wp-content\/uploads\/sites\/12\/2025\/10\/relatorio-final-13a-conf-mun-de-assistencia-social.pdf\" class=\"wp-block-file__button wp-element-button\" download aria-describedby=\"wp-block-file--media-c150d2ac-a40f-4bbe-b1d3-4ad68e812aa1\">Baixar<\/a><\/div>\n<\/details>\n<\/div><\/div>\n\n\n\n<hr class=\"wp-block-separator has-alpha-channel-opacity\" \/>\n\n\n\n<div class=\"wp-block-group\"><div class=\"wp-block-group__inner-container is-layout-constrained wp-block-group-is-layout-constrained\">\n<h2 class=\"wp-block-heading\"><strong>12\u00aa Confer\u00eancia Municipal de Assist\u00eancia Social<\/strong> &#8211; <a href=\"https:\/\/cajamar.sp.gov.br\/noticias\/2021\/09\/02\/cmas-e-smds-realizam-a-xii-conferencia-municipal-de-assistencia-social\/\" data-type=\"link\" data-id=\"https:\/\/cajamar.sp.gov.br\/noticias\/2025\/07\/02\/14-conferencia-municipal-de-assistencia-social\/\" target=\"_blank\" rel=\"noreferrer noopener\">2021<\/a><\/h2>\n\n\n\n<details class=\"wp-block-details is-layout-flow wp-block-details-is-layout-flow\"><summary>Relat\u00f3rio Final da Confer\u00eancia de 2021<\/summary>\n<div data-wp-interactive=\"core\/file\" class=\"wp-block-file\"><object data-wp-bind--hidden=\"!state.hasPdfPreview\" hidden class=\"wp-block-file__embed\" data=\"https:\/\/cajamar.sp.gov.br\/desenvolvimento-social\/wp-content\/uploads\/sites\/12\/2025\/10\/relatorio-final-12a-conf-mun-de-assistencia-social-cajamar.pdf\" type=\"application\/pdf\" style=\"width:100%;height:600px\" aria-label=\"Incorporado de Relat\u00f3rio Final 12\u00aa Conf. Mun. de Assist\u00eancia Social - Cajamar.\"><\/object><a id=\"wp-block-file--media-acd21daf-b5c4-4a8e-a09d-4de68ee26e7e\" href=\"https:\/\/cajamar.sp.gov.br\/desenvolvimento-social\/wp-content\/uploads\/sites\/12\/2025\/10\/relatorio-final-12a-conf-mun-de-assistencia-social-cajamar.pdf\">Relat\u00f3rio Final 12\u00aa Conf. Mun. de Assist\u00eancia Social &#8211; Cajamar<\/a><a href=\"https:\/\/cajamar.sp.gov.br\/desenvolvimento-social\/wp-content\/uploads\/sites\/12\/2025\/10\/relatorio-final-12a-conf-mun-de-assistencia-social-cajamar.pdf\" class=\"wp-block-file__button wp-element-button\" download aria-describedby=\"wp-block-file--media-acd21daf-b5c4-4a8e-a09d-4de68ee26e7e\">Baixar<\/a><\/div>\n<\/details>\n<\/div><\/div>\n\n\n\n<hr class=\"wp-block-separator has-alpha-channel-opacity\" \/>\n\n\n\n<div class=\"wp-block-group\"><div class=\"wp-block-group__inner-container is-layout-constrained wp-block-group-is-layout-constrained\">\n<h2 class=\"wp-block-heading\"><strong>11\u00aa Confer\u00eancia Municipal de Assist\u00eancia Social<\/strong> &#8211; <a href=\"https:\/\/cajamar.sp.gov.br\/noticias\/2019\/09\/03\/cmas-e-smds-realizam-a-xi-conferencia-municipal-de-assistencia-social\/\" data-type=\"link\" data-id=\"https:\/\/cajamar.sp.gov.br\/noticias\/2025\/07\/02\/14-conferencia-municipal-de-assistencia-social\/\" target=\"_blank\" rel=\"noreferrer noopener\">2019<\/a><\/h2>\n<\/div><\/div>\n\n\n\n<p><\/p>\n","protected":false},"excerpt":{"rendered":"<p>14\u00aa Confer\u00eancia Municipal de Assist\u00eancia Social &#8211; 2025 13\u00aa Confer\u00eancia Municipal de Assist\u00eancia Social &#8211; 2023 12\u00aa Confer\u00eancia Municipal de Assist\u00eancia Social &#8211; 2021 11\u00aa Confer\u00eancia Municipal de Assist\u00eancia Social &#8211; 2019<\/p>\n","protected":false},"author":47,"featured_media":0,"parent":126,"menu_order":0,"comment_status":"closed","ping_status":"closed","template":"","meta":{"footnotes":""},"class_list":["post-306","page","type-page","status-publish","hentry"],"_links":{"self":[{"href":"https:\/\/cajamar.sp.gov.br\/desenvolvimento-social\/wp-json\/wp\/v2\/pages\/306","targetHints":{"allow":["GET"]}}],"collection":[{"href":"https:\/\/cajamar.sp.gov.br\/desenvolvimento-social\/wp-json\/wp\/v2\/pages"}],"about":[{"href":"https:\/\/cajamar.sp.gov.br\/desenvolvimento-social\/wp-json\/wp\/v2\/types\/page"}],"author":[{"embeddable":true,"href":"https:\/\/cajamar.sp.gov.br\/desenvolvimento-social\/wp-json\/wp\/v2\/users\/47"}],"replies":[{"embeddable":true,"href":"https:\/\/cajamar.sp.gov.br\/desenvolvimento-social\/wp-json\/wp\/v2\/comments?post=306"}],"version-history":[{"count":22,"href":"https:\/\/cajamar.sp.gov.br\/desenvolvimento-social\/wp-json\/wp\/v2\/pages\/306\/revisions"}],"predecessor-version":[{"id":973,"href":"https:\/\/cajamar.sp.gov.br\/desenvolvimento-social\/wp-json\/wp\/v2\/pages\/306\/revisions\/973"}],"up":[{"embeddable":true,"href":"https:\/\/cajamar.sp.gov.br\/desenvolvimento-social\/wp-json\/wp\/v2\/pages\/126"}],"wp:attachment":[{"href":"https:\/\/cajamar.sp.gov.br\/desenvolvimento-social\/wp-json\/wp\/v2\/media?parent=306"}],"curies":[{"name":"wp","href":"https:\/\/api.w.org\/{rel}","templated":true}]}}