{"id":1299,"date":"2026-06-12T16:53:17","date_gmt":"2026-06-12T19:53:17","guid":{"rendered":"https:\/\/cajamar.sp.gov.br\/turismo\/?page_id=1299"},"modified":"2026-08-26T16:27:10","modified_gmt":"2026-08-26T19:27:10","slug":"edital-03","status":"publish","type":"page","link":"https:\/\/cajamar.sp.gov.br\/turismo\/edital-03\/","title":{"rendered":"Editais 2026"},"content":{"rendered":"\n<h2 class=\"wp-block-heading has-text-align-center\">EDITAL N\u00ba01\/2026<\/h2>\n\n\n\n<p class=\"has-text-align-center\"><br>&#8220;SELE\u00c7\u00c3O DE AGENTE CULTURAL PARA PREMIA\u00c7\u00c3O CULTURAL COM RECURSOS DA POL\u00cdTICA NACIONAL ALDIR BLANC DE FOMENTO \u00c0 CULTURA&#8221;<\/p>\n\n\n\n<figure class=\"wp-block-table\"><table class=\"has-fixed-layout\"><tbody><tr><td><a href=\"https:\/\/cajamar.sp.gov.br\/turismo\/wp-content\/uploads\/sites\/32\/2026\/08\/anexo-01-pnab-categorias.pdf\">Anexo I<\/a><\/td><td>Categorias<\/td><\/tr><tr><td><a href=\"https:\/\/cajamar.sp.gov.br\/turismo\/wp-content\/uploads\/sites\/32\/2026\/08\/anexo-02-pnab-formulario-de-inscricao.pdf\">Anexo II<\/a><\/td><td>Formul\u00e1rio de Inscri\u00e7\u00e3o<\/td><\/tr><tr><td><a href=\"https:\/\/cajamar.sp.gov.br\/turismo\/wp-content\/uploads\/sites\/32\/2026\/08\/anexo-03-pnab-trajetoria-cultural.pdf\">Anexo III<\/a><\/td><td>Trajet\u00f3ria Cultural<\/td><\/tr><tr><td><a href=\"https:\/\/cajamar.sp.gov.br\/turismo\/wp-content\/uploads\/sites\/32\/2026\/08\/anexo-04-pnab-criterios-de-selecao-e-bonus-de-pontuacao.pdf\">Anexo IV<\/a><\/td><td>Crit\u00e9rios de Sele\u00e7\u00e3o e B\u00f4nus de Pontua\u00e7\u00e3o<\/td><\/tr><tr><td><a href=\"https:\/\/cajamar.sp.gov.br\/turismo\/wp-content\/uploads\/sites\/32\/2026\/08\/anexo-05-pnab-declaracao-de-representacao-de-grupo-ou-coletivo-cultural.pdf\">Anexo V<\/a><\/td><td>Declara\u00e7\u00e3o de Representa\u00e7\u00e3o de Grupo ou Coletivo<\/td><\/tr><tr><td><a href=\"https:\/\/cajamar.sp.gov.br\/turismo\/wp-content\/uploads\/sites\/32\/2026\/08\/anexo-06-pnab-termo-de-premiacao-cultural.pdf\">Anexo VI<\/a><\/td><td>Termo de Premia\u00e7\u00e3o Cultural<\/td><\/tr><tr><td><a href=\"https:\/\/cajamar.sp.gov.br\/turismo\/wp-content\/uploads\/sites\/32\/2026\/08\/anexo-07-pnab-autodeclaracao-etnico-racial.pdf\">Anexo VII<\/a><\/td><td>Declara\u00e7\u00e3o \u00c9tnico-Racial<\/td><\/tr><tr><td><a href=\"https:\/\/cajamar.sp.gov.br\/turismo\/wp-content\/uploads\/sites\/32\/2026\/08\/anexo-08-pnab-autodeclaracao-para-pessoa-com-deficiencia.pdf\">Anexo VIII<\/a><\/td><td>Declara\u00e7\u00e3o Pessoa com Defici\u00eancia<\/td><\/tr><tr><td><a href=\"https:\/\/cajamar.sp.gov.br\/turismo\/wp-content\/uploads\/sites\/32\/2026\/08\/anexo-09-pnab-formulario-de-recurso.pdf\">Anexo IX<\/a><\/td><td>Formul\u00e1rio de Apresenta\u00e7\u00e3o de Recurso da Etapa de Sele\u00e7\u00e3o<\/td><\/tr><\/tbody><\/table><\/figure>\n\n\n\n<div class=\"wp-block-buttons is-content-justification-center is-layout-flex wp-container-core-buttons-is-layout-16018d1d wp-block-buttons-is-layout-flex\">\n<div class=\"wp-block-button is-style-outline is-style-outline--1\"><a class=\"wp-block-button__link has-text-align-center wp-element-button\" href=\"https:\/\/cajamar.sp.gov.br\/turismo\/wp-content\/uploads\/sites\/32\/2026\/08\/edital-pnab-01-2026-premiacao.pdf\"><em>Clique para mais informa\u00e7\u00f5es sobre este edital<\/em><\/a><\/div>\n<\/div>\n\n\n\n<h2 class=\"wp-block-heading has-text-align-center\">EDITAL N\u00ba02\/2026<\/h2>\n\n\n\n<p class=\"has-text-align-center\">&#8220;PREMIA\u00c7\u00c3O DE PONTOS E PONT\u00d5ES DE CULTURA&#8221;<\/p>\n\n\n\n<figure class=\"wp-block-table\"><table class=\"has-fixed-layout\"><tbody><tr><td><a href=\"https:\/\/cajamar.sp.gov.br\/turismo\/wp-content\/uploads\/sites\/32\/2026\/08\/anexo-01-retificado-categorias-e-cotas-edital-premio-pontos-e-pontoes-de-cultura-pncv-_-pnab-1.pdf\">Anexo 1<\/a><\/td><td>Categorias <\/td><\/tr><tr><td><a href=\"https:\/\/cajamar.sp.gov.br\/turismo\/wp-content\/uploads\/sites\/32\/2026\/08\/anexo-02-criterios-de-avaliacao-da-etapa-de-selecao-edital-premiacao-pontos-e-pontoes-de-cultura-pncv-_-pnab.pdf\">Anexo 2<\/a><\/td><td>Crit\u00e9rios de Avalia\u00e7\u00e3o da Etapa de Sele\u00e7\u00e3o<\/td><\/tr><tr><td><a href=\"https:\/\/cajamar.sp.gov.br\/turismo\/wp-content\/uploads\/sites\/32\/2026\/08\/anexo-03-formulario-de-inscricao-edital-premiacao-pontos-e-pontoes-de-cultura-pncv-_-pnab.pdf\">Anexo 3<\/a><\/td><td>Formul\u00e1rio de Inscri\u00e7\u00e3o<\/td><\/tr><tr><td><a href=\"https:\/\/cajamar.sp.gov.br\/turismo\/wp-content\/uploads\/sites\/32\/2026\/08\/anexo-04-declaracao-de-representacao-do-grupo_coletivo-cultural-edital-premio-pontos-e-pontoes-pncv-_-pnab.pdf\">Anexo 4<\/a><\/td><td>Declara\u00e7\u00e3o de Representa\u00e7\u00e3o de Grupo ou Coletivo<\/td><\/tr><tr><td><a href=\"https:\/\/cajamar.sp.gov.br\/turismo\/wp-content\/uploads\/sites\/32\/2026\/08\/anexo-05-modelo-de-autodeclaracao-etnico-racial-edital-premiacao-pontos-e-pontoes-de-cultura-pncv-_-pnab.pdf\">Anexo 5<\/a><\/td><td>Declara\u00e7\u00e3o \u00c9tnico-Racial<\/td><\/tr><tr><td><a href=\"https:\/\/cajamar.sp.gov.br\/turismo\/wp-content\/uploads\/sites\/32\/2026\/08\/anexo-06-modelo-de-autodeclaracao-para-pessoa-com-deficiencia-edital-premiacao-pontos-e-pontoes-de-cultura-pncv-_-pnab.pdf\">Anexo 6<\/a><\/td><td>Declara\u00e7\u00e3o Pessoa com Defici\u00eancia<\/td><\/tr><tr><td><a href=\"https:\/\/cajamar.sp.gov.br\/turismo\/wp-content\/uploads\/sites\/32\/2026\/08\/anexo-07-formulario-para-pedido-de-recurso-etapa-de-selecao-e-etapa-de-habilitacao.pdf\">Anexo 7<\/a><\/td><td>Formul\u00e1rio para Pedido de Recurso<\/td><\/tr><\/tbody><\/table><\/figure>\n\n\n\n<div class=\"wp-block-buttons is-content-justification-center is-layout-flex wp-container-core-buttons-is-layout-16018d1d wp-block-buttons-is-layout-flex\">\n<div class=\"wp-block-button is-style-outline is-style-outline--2\"><a class=\"wp-block-button__link has-text-align-center wp-element-button\" href=\"https:\/\/cajamar.sp.gov.br\/turismo\/wp-content\/uploads\/sites\/32\/2026\/08\/edital-premiacao-pontos-de-cultura-pncv-pnab.pdf\"><em>Clique para mais informa\u00e7\u00f5es sobre este edital<\/em><\/a><\/div>\n<\/div>\n\n\n\n<p><\/p>\n","protected":false},"excerpt":{"rendered":"<p>EDITAL N\u00ba01\/2026 &#8220;SELE\u00c7\u00c3O DE AGENTE CULTURAL PARA PREMIA\u00c7\u00c3O CULTURAL COM RECURSOS DA POL\u00cdTICA NACIONAL ALDIR BLANC DE FOMENTO \u00c0 CULTURA&#8221; Anexo I Categorias Anexo II Formul\u00e1rio de Inscri\u00e7\u00e3o Anexo III Trajet\u00f3ria Cultural Anexo IV Crit\u00e9rios de Sele\u00e7\u00e3o e B\u00f4nus de Pontua\u00e7\u00e3o Anexo V Declara\u00e7\u00e3o de Representa\u00e7\u00e3o de Grupo ou Coletivo Anexo VI Termo de Premia\u00e7\u00e3o [&hellip;]<\/p>\n","protected":false},"author":43,"featured_media":0,"parent":0,"menu_order":0,"comment_status":"closed","ping_status":"closed","template":"","meta":{"footnotes":""},"class_list":["post-1299","page","type-page","status-publish","hentry"],"_links":{"self":[{"href":"https:\/\/cajamar.sp.gov.br\/turismo\/wp-json\/wp\/v2\/pages\/1299","targetHints":{"allow":["GET"]}}],"collection":[{"href":"https:\/\/cajamar.sp.gov.br\/turismo\/wp-json\/wp\/v2\/pages"}],"about":[{"href":"https:\/\/cajamar.sp.gov.br\/turismo\/wp-json\/wp\/v2\/types\/page"}],"author":[{"embeddable":true,"href":"https:\/\/cajamar.sp.gov.br\/turismo\/wp-json\/wp\/v2\/users\/43"}],"replies":[{"embeddable":true,"href":"https:\/\/cajamar.sp.gov.br\/turismo\/wp-json\/wp\/v2\/comments?post=1299"}],"version-history":[{"count":13,"href":"https:\/\/cajamar.sp.gov.br\/turismo\/wp-json\/wp\/v2\/pages\/1299\/revisions"}],"predecessor-version":[{"id":1492,"href":"https:\/\/cajamar.sp.gov.br\/turismo\/wp-json\/wp\/v2\/pages\/1299\/revisions\/1492"}],"wp:attachment":[{"href":"https:\/\/cajamar.sp.gov.br\/turismo\/wp-json\/wp\/v2\/media?parent=1299"}],"curies":[{"name":"wp","href":"https:\/\/api.w.org\/{rel}","templated":true}]}}